{"id":888,"date":"2023-09-04T09:06:02","date_gmt":"2023-09-04T09:06:02","guid":{"rendered":"https:\/\/www.il-lumina.com\/blog\/?page_id=888"},"modified":"2024-08-28T11:04:12","modified_gmt":"2024-08-28T11:04:12","slug":"luces-de-navidad-al-por-mayor","status":"publish","type":"page","link":"https:\/\/www.il-lumina.com\/blog\/luces-de-navidad-al-por-mayor\/","title":{"rendered":"Luces de Navidad al por mayor: Mayorista il-lumina"},"content":{"rendered":"<p>La magia de la navidad se siente en el aire cuando las calles se iluminan con decoraciones festivas, y en especial, con las luces de navidad. Estos destellos luminosos son m\u00e1s que simples adornos; representan momentos de uni\u00f3n con la familia y el reencuentro con seres queridos que tal vez no hemos visto en mucho tiempo. En <strong>il-lumina.com<\/strong>, somos especialistas en <strong>distribuir esa magia a trav\u00e9s de nuestras luces de navidad al por mayor<\/strong>, disponibles para todo tipo de Ayuntamientos tanto de pueblos como ciudades, centros comerciales, tiendas, empresas, hoteles&#8230; Con una trayectoria que nos consolida como l\u00edderes en el sector, nos dedicamos a iluminar momentos inolvidables.<\/p>\n<div style=\"text-align: center;\"><iframe loading=\"lazy\" title=\"YouTube video player\" data-lazy=\"true\" data-src=\"https:\/\/www.youtube.com\/embed\/cl6HvQ0Wibs?si=UgZ9vD4JRr5g1cCN\" width=\"560\" height=\"315\" frameborder=\"0\" align=\"aligncenter\" allowfullscreen=\"allowfullscreen\"><span data-mce-type=\"bookmark\" style=\"display: inline-block; width: 0px; overflow: hidden; line-height: 0;\" class=\"mce_SELRES_start\">\ufeff<\/span><\/iframe><\/div>\n<h2>il-lumina.com: Mayorista de luces de navidad<\/h2>\n<p>Si est\u00e1s en busca de luces de navidad de alta calidad y a precios competitivos y tarifas profesionales con descuentos de <strong>hasta un 35%<\/strong>, te invitamos a explorar nuestro<strong> cat\u00e1logo de <a href=\"https:\/\/www.il-lumina.com\/es\/267-iluminacion-luces-navidad\" target=\"_blank\" rel=\"noopener\">luces de Navidad<\/a> al por mayor<\/strong>. Descubre nuestra selecci\u00f3n de luces de navidad para exteriores, ideales para iluminar calles, farolas, edificios municipales o \u00e1rboles de gran tama\u00f1o. Fabricamos en Espa\u00f1a. La fabricaci\u00f3n en Espa\u00f1a tiene diferentes ventajas:<\/p>\n<ul>\n<li>Disponibilidad de servicio t\u00e9cnico<\/li>\n<li>Personalizaci\u00f3n de motivos navide\u00f1os (imprescindible pedidos con varios meses de antelaci\u00f3n)<\/li>\n<li>Calidad Europea<\/li>\n<\/ul>\n<p>&nbsp;<\/p>\n<div class=\"epcl-shortcode epcl-columns\">\n<div class=\"epcl-shortcode epcl-col grid-25\"><div id=\"attachment_890\" style=\"width: 220px\" class=\"wp-caption aligncenter\"><img loading=\"lazy\" decoding=\"async\" aria-describedby=\"caption-attachment-890\" class=\"wp-image-890 size-full\" src=\"https:\/\/www.il-lumina.com\/blog\/wp-content\/themes\/breek\/assets\/images\/transparent.gif\" data-lazy=\"true\" data-src=\"https:\/\/www.il-lumina.com\/blog\/wp-content\/uploads\/2023\/08\/arboles-de-navidad.jpg\" alt=\"\" width=\"210\" height=\"280\" data-srcset=\"https:\/\/www.il-lumina.com\/blog\/wp-content\/uploads\/2023\/08\/arboles-de-navidad.jpg 210w, https:\/\/www.il-lumina.com\/blog\/wp-content\/uploads\/2023\/08\/arboles-de-navidad-75x100.jpg 75w\" data-sizes=\"auto, (max-width: 210px) 100vw, 210px\" \/><\/p>\n<p id=\"caption-attachment-890\" class=\"wp-caption-text\"><a href=\"https:\/\/www.il-lumina.com\/es\/44-arboles-de-navidad-grandes\" target=\"_blank\" rel=\"noopener\"><b>\u00c1RBOLES DE NAVIDAD &#8211; HASTA 6 METROS<\/b><\/a><\/p>\n<\/div>\n<\/div>\n<div class=\"epcl-shortcode epcl-col grid-25\"><div id=\"attachment_891\" style=\"width: 221px\" class=\"wp-caption aligncenter\"><img loading=\"lazy\" decoding=\"async\" aria-describedby=\"caption-attachment-891\" class=\"size-full wp-image-891\" src=\"https:\/\/www.il-lumina.com\/blog\/wp-content\/themes\/breek\/assets\/images\/transparent.gif\" data-lazy=\"true\" data-src=\"https:\/\/www.il-lumina.com\/blog\/wp-content\/uploads\/2023\/08\/cortinas-led.jpg\" alt=\"\" width=\"211\" height=\"280\" data-srcset=\"https:\/\/www.il-lumina.com\/blog\/wp-content\/uploads\/2023\/08\/cortinas-led.jpg 211w, https:\/\/www.il-lumina.com\/blog\/wp-content\/uploads\/2023\/08\/cortinas-led-75x100.jpg 75w\" data-sizes=\"auto, (max-width: 211px) 100vw, 211px\" \/><\/p>\n<p id=\"caption-attachment-891\" class=\"wp-caption-text\"><a href=\"https:\/\/www.il-lumina.com\/es\/269-cortinas-luces-navidad\" target=\"_blank\" rel=\"noopener\"><strong>CORTINAS DE LUCES LED<\/strong><\/a><\/p>\n<\/div>\n<\/div>\n<div class=\"epcl-shortcode epcl-col grid-25\"><div id=\"attachment_892\" style=\"width: 220px\" class=\"wp-caption aligncenter\"><img loading=\"lazy\" decoding=\"async\" aria-describedby=\"caption-attachment-892\" class=\"size-full wp-image-892\" src=\"https:\/\/www.il-lumina.com\/blog\/wp-content\/themes\/breek\/assets\/images\/transparent.gif\" data-lazy=\"true\" data-src=\"https:\/\/www.il-lumina.com\/blog\/wp-content\/uploads\/2023\/08\/figuras-3d.jpg\" alt=\"\" width=\"210\" height=\"280\" data-srcset=\"https:\/\/www.il-lumina.com\/blog\/wp-content\/uploads\/2023\/08\/figuras-3d.jpg 210w, https:\/\/www.il-lumina.com\/blog\/wp-content\/uploads\/2023\/08\/figuras-3d-75x100.jpg 75w\" data-sizes=\"auto, (max-width: 210px) 100vw, 210px\" \/><\/p>\n<p id=\"caption-attachment-892\" class=\"wp-caption-text\"><a href=\"https:\/\/www.il-lumina.com\/es\/45-figuras-de-navidad-3d-led\" target=\"_blank\" rel=\"noopener\"><strong>FIGURAS LUMINOSAS 3D<\/strong><\/a><\/p>\n<\/div>\n<\/div>\n<div class=\"epcl-shortcode epcl-col grid-25\"><div id=\"attachment_893\" style=\"width: 219px\" class=\"wp-caption aligncenter\"><img loading=\"lazy\" decoding=\"async\" aria-describedby=\"caption-attachment-893\" class=\"size-full wp-image-893\" src=\"https:\/\/www.il-lumina.com\/blog\/wp-content\/themes\/breek\/assets\/images\/transparent.gif\" data-lazy=\"true\" data-src=\"https:\/\/www.il-lumina.com\/blog\/wp-content\/uploads\/2023\/08\/conos-led.jpg\" alt=\"\" width=\"209\" height=\"280\" data-srcset=\"https:\/\/www.il-lumina.com\/blog\/wp-content\/uploads\/2023\/08\/conos-led.jpg 209w, https:\/\/www.il-lumina.com\/blog\/wp-content\/uploads\/2023\/08\/conos-led-75x100.jpg 75w\" data-sizes=\"auto, (max-width: 209px) 100vw, 209px\" \/><\/p>\n<p id=\"caption-attachment-893\" class=\"wp-caption-text\"><a href=\"https:\/\/www.il-lumina.com\/es\/271-conos-de-navidad-led\" target=\"_blank\" rel=\"noopener\"><strong>CONOS LED<\/strong><\/a><\/p>\n<\/div>\n<\/div>\n<div class=\"clear\"><\/div><\/div>\n<div class=\"epcl-shortcode epcl-columns\">\n<div class=\"epcl-shortcode epcl-col grid-25\"><div id=\"attachment_894\" style=\"width: 220px\" class=\"wp-caption aligncenter\"><img loading=\"lazy\" decoding=\"async\" aria-describedby=\"caption-attachment-894\" class=\"size-full wp-image-894\" src=\"https:\/\/www.il-lumina.com\/blog\/wp-content\/themes\/breek\/assets\/images\/transparent.gif\" data-lazy=\"true\" data-src=\"https:\/\/www.il-lumina.com\/blog\/wp-content\/uploads\/2023\/08\/figuras-luminosas.jpg\" alt=\"\" width=\"210\" height=\"281\" data-srcset=\"https:\/\/www.il-lumina.com\/blog\/wp-content\/uploads\/2023\/08\/figuras-luminosas.jpg 210w, https:\/\/www.il-lumina.com\/blog\/wp-content\/uploads\/2023\/08\/figuras-luminosas-75x100.jpg 75w\" data-sizes=\"auto, (max-width: 210px) 100vw, 210px\" \/><\/p>\n<p id=\"caption-attachment-894\" class=\"wp-caption-text\"><a href=\"https:\/\/www.il-lumina.com\/es\/43-figuras-luminosas-navidad-led-exteriores\" target=\"_blank\" rel=\"noopener\"><strong>FIGURAS NAVIDE\u00d1AS LED<\/strong><\/a><\/p>\n<\/div>\n<\/div>\n<div class=\"epcl-shortcode epcl-col grid-25\"><div id=\"attachment_895\" style=\"width: 220px\" class=\"wp-caption aligncenter\"><img loading=\"lazy\" decoding=\"async\" aria-describedby=\"caption-attachment-895\" class=\"size-full wp-image-895\" src=\"https:\/\/www.il-lumina.com\/blog\/wp-content\/themes\/breek\/assets\/images\/transparent.gif\" data-lazy=\"true\" data-src=\"https:\/\/www.il-lumina.com\/blog\/wp-content\/uploads\/2023\/08\/redes-led.jpg\" alt=\"\" width=\"210\" height=\"281\" data-srcset=\"https:\/\/www.il-lumina.com\/blog\/wp-content\/uploads\/2023\/08\/redes-led.jpg 210w, https:\/\/www.il-lumina.com\/blog\/wp-content\/uploads\/2023\/08\/redes-led-75x100.jpg 75w\" data-sizes=\"auto, (max-width: 210px) 100vw, 210px\" \/><\/p>\n<p id=\"caption-attachment-895\" class=\"wp-caption-text\"><a href=\"https:\/\/www.il-lumina.com\/es\/273-redes-de-luces-led-navidad\" target=\"_blank\" rel=\"noopener\"><strong>REDES DE LUCES LED<\/strong><\/a><\/p>\n<\/div>\n<\/div>\n<div class=\"epcl-shortcode epcl-col grid-25\"><div id=\"attachment_896\" style=\"width: 220px\" class=\"wp-caption aligncenter\"><img loading=\"lazy\" decoding=\"async\" aria-describedby=\"caption-attachment-896\" class=\"size-full wp-image-896\" src=\"https:\/\/www.il-lumina.com\/blog\/wp-content\/themes\/breek\/assets\/images\/transparent.gif\" data-lazy=\"true\" data-src=\"https:\/\/www.il-lumina.com\/blog\/wp-content\/uploads\/2023\/08\/mangueras-led.jpg\" alt=\"\" width=\"210\" height=\"280\" data-srcset=\"https:\/\/www.il-lumina.com\/blog\/wp-content\/uploads\/2023\/08\/mangueras-led.jpg 210w, https:\/\/www.il-lumina.com\/blog\/wp-content\/uploads\/2023\/08\/mangueras-led-75x100.jpg 75w\" data-sizes=\"auto, (max-width: 210px) 100vw, 210px\" \/><\/p>\n<p id=\"caption-attachment-896\" class=\"wp-caption-text\"><a href=\"https:\/\/www.il-lumina.com\/es\/42-mangueras-luces-led\" target=\"_blank\" rel=\"noopener\"><strong>MANGUERAS FLEXILIGHT<\/strong><\/a><\/p>\n<\/div>\n<\/div>\n<div class=\"epcl-shortcode epcl-col grid-25\"><div id=\"attachment_897\" style=\"width: 220px\" class=\"wp-caption aligncenter\"><img loading=\"lazy\" decoding=\"async\" aria-describedby=\"caption-attachment-897\" class=\"size-full wp-image-897\" src=\"https:\/\/www.il-lumina.com\/blog\/wp-content\/themes\/breek\/assets\/images\/transparent.gif\" data-lazy=\"true\" data-src=\"https:\/\/www.il-lumina.com\/blog\/wp-content\/uploads\/2023\/08\/techos-de-luz.jpg\" alt=\"\" width=\"210\" height=\"282\" data-srcset=\"https:\/\/www.il-lumina.com\/blog\/wp-content\/uploads\/2023\/08\/techos-de-luz.jpg 210w, https:\/\/www.il-lumina.com\/blog\/wp-content\/uploads\/2023\/08\/techos-de-luz-74x100.jpg 74w\" data-sizes=\"auto, (max-width: 210px) 100vw, 210px\" \/><\/p>\n<p id=\"caption-attachment-897\" class=\"wp-caption-text\"><a href=\"https:\/\/www.il-lumina.com\/es\/40-luces-techo-navidad\" target=\"_blank\" rel=\"noopener\"><strong>TECHOS DE LUCES LED<\/strong><\/a><\/p>\n<\/div>\n<\/div>\n<div class=\"clear\"><\/div><\/div>\n<p style=\"text-align: center;\"><a href=\"https:\/\/www.il-lumina.com\/es\/contactenos\" class=\"epcl-shortcode epcl-button large flat yellow\" target=\"_blank\" rel=\"nofollow\"><i class=\"epcl-icon fa fa-toggle-right\"><\/i>SOLICITAR INFORMACI\u00d3N<\/a>\n<p style=\"text-align: center;\"><a href=\"https:\/\/il-lumina.com\/import\/\/descarga\/DESCARGAS\/_pdf NAVIDAD22-23_il-lumina_cd-.pdf\" class=\"epcl-shortcode epcl-button large outline orange\" target=\"_blank\" rel=\"nofollow\">DESCARGAR PRESENTACI\u00d3N PDF<\/a>\n<p>Llevamos a\u00f1os siendo <strong>l\u00edderes en el mercado de iluminaci\u00f3n navide\u00f1a<\/strong>, siendo tu mejor opci\u00f3n para <strong>comprar luces LED de Navidad de alta calidad<\/strong>, ya que priorizamos la tecnolog\u00eda LED para minimizar el da\u00f1o ambiental y garantizar la m\u00e1xima eficiencia energ\u00e9tica.<\/p>\n<h2>Cat\u00e1logo de luces de navidad al por mayor 2024\/2025<\/h2>\n<p>Te ofrecemos una amplia <strong>gama de luces de navidad para exteriores al por mayor<\/strong>: belenes grandes para exteriores, renos iluminados, carteles de &#8216;felices fiestas&#8217; y figuras luminosas de diversos tama\u00f1os y formas para decorar tu jard\u00edn o terraza, as\u00ed como cortinas de luces y estalactitas para adornar techos y balcones, guirnaldas luminosas para envolver tu \u00e1rbol con luces, esferas LED, velas y faroles que llevar\u00e1n la magia de la Navidad hasta tu mesa.<\/p>\n<div class=\"epcl-gallery\"><ul class=\"columns-4 grid-container grid-parent np-tablet np-mobile\">\r\n                        <li class=\"grid-25 tablet-grid-33 mobile-grid-50\">\r\n                           <div class=\"wrapper\">\r\n                               <a href=\"https:\/\/www.il-lumina.com\/blog\/wp-content\/uploads\/2023\/09\/El-Berrueco-Madrid-scaled.jpg\" class=\"full-image mfp-image hover-effect\" title=\"\"><span class=\"img cover\" style=\"background: url(https:\/\/www.il-lumina.com\/blog\/wp-content\/uploads\/2023\/09\/El-Berrueco-Madrid-300x200.jpg);\"><\/span><\/a>\r\n                           <\/div>\r\n                        <\/li>\r\n                        <li class=\"grid-25 tablet-grid-33 mobile-grid-50\">\r\n                           <div class=\"wrapper\">\r\n                               <a href=\"https:\/\/www.il-lumina.com\/blog\/wp-content\/uploads\/2023\/08\/il-lumina-200-3-NAVIDAD-2021_2022-_Pagina_54_Imagen_0003.jpg\" class=\"full-image mfp-image hover-effect\" title=\"\"><span class=\"img cover\" style=\"background: url(https:\/\/www.il-lumina.com\/blog\/wp-content\/uploads\/2023\/08\/il-lumina-200-3-NAVIDAD-2021_2022-_Pagina_54_Imagen_0003-300x245.jpg);\"><\/span><\/a>\r\n                           <\/div>\r\n                        <\/li>\r\n                        <li class=\"grid-25 tablet-grid-33 mobile-grid-50\">\r\n                           <div class=\"wrapper\">\r\n                               <a href=\"https:\/\/www.il-lumina.com\/blog\/wp-content\/uploads\/2023\/08\/il-lumina-200-3-NAVIDAD-2021_2022-_Pagina_03_Imagen_0002.jpg\" class=\"full-image mfp-image hover-effect\" title=\"\"><span class=\"img cover\" style=\"background: url(https:\/\/www.il-lumina.com\/blog\/wp-content\/uploads\/2023\/08\/il-lumina-200-3-NAVIDAD-2021_2022-_Pagina_03_Imagen_0002-188x300.jpg);\"><\/span><\/a>\r\n                           <\/div>\r\n                        <\/li>\r\n                        <li class=\"grid-25 tablet-grid-33 mobile-grid-50\">\r\n                           <div class=\"wrapper\">\r\n                               <a href=\"https:\/\/www.il-lumina.com\/blog\/wp-content\/uploads\/2023\/08\/il-lumina-200-3-NAVIDAD-2021_2022-_Pagina_53_Imagen_0003.jpg\" class=\"full-image mfp-image hover-effect\" title=\"\"><span class=\"img cover\" style=\"background: url(https:\/\/www.il-lumina.com\/blog\/wp-content\/uploads\/2023\/08\/il-lumina-200-3-NAVIDAD-2021_2022-_Pagina_53_Imagen_0003-300x245.jpg);\"><\/span><\/a>\r\n                           <\/div>\r\n                        <\/li>\r\n                        <li class=\"grid-25 tablet-grid-33 mobile-grid-50\">\r\n                           <div class=\"wrapper\">\r\n                               <a href=\"https:\/\/www.il-lumina.com\/blog\/wp-content\/uploads\/2023\/09\/FOTOCORTINA.jpg\" class=\"full-image mfp-image hover-effect\" title=\"\"><span class=\"img cover\" style=\"background: url(https:\/\/www.il-lumina.com\/blog\/wp-content\/uploads\/2023\/09\/FOTOCORTINA-300x300.jpg);\"><\/span><\/a>\r\n                           <\/div>\r\n                        <\/li>\r\n                        <li class=\"grid-25 tablet-grid-33 mobile-grid-50\">\r\n                           <div class=\"wrapper\">\r\n                               <a href=\"https:\/\/www.il-lumina.com\/blog\/wp-content\/uploads\/2023\/09\/WhatsApp-Image-2022-10-13-a.jpg\" class=\"full-image mfp-image hover-effect\" title=\"\"><span class=\"img cover\" style=\"background: url(https:\/\/www.il-lumina.com\/blog\/wp-content\/uploads\/2023\/09\/WhatsApp-Image-2022-10-13-a-276x300.jpg);\"><\/span><\/a>\r\n                           <\/div>\r\n                        <\/li>\r\n                        <li class=\"grid-25 tablet-grid-33 mobile-grid-50\">\r\n                           <div class=\"wrapper\">\r\n                               <a href=\"https:\/\/www.il-lumina.com\/blog\/wp-content\/uploads\/2023\/09\/ARBOL-1.jpg\" class=\"full-image mfp-image hover-effect\" title=\"\"><span class=\"img cover\" style=\"background: url(https:\/\/www.il-lumina.com\/blog\/wp-content\/uploads\/2023\/09\/ARBOL-1-243x300.jpg);\"><\/span><\/a>\r\n                           <\/div>\r\n                        <\/li>\r\n                        <li class=\"grid-25 tablet-grid-33 mobile-grid-50\">\r\n                           <div class=\"wrapper\">\r\n                               <a href=\"https:\/\/www.il-lumina.com\/blog\/wp-content\/uploads\/2023\/09\/IMG_3553.jpg\" class=\"full-image mfp-image hover-effect\" title=\"\"><span class=\"img cover\" style=\"background: url(https:\/\/www.il-lumina.com\/blog\/wp-content\/uploads\/2023\/09\/IMG_3553-300x200.jpg);\"><\/span><\/a>\r\n                           <\/div>\r\n                        <\/li><\/ul><div class=\"clear\"><\/div><\/div>\n<p style=\"text-align: center;\"><div class=\"epcl-shortcode epcl-box success\"><i class=\"epcl-icon fa fa-check\"><\/i><strong>Comparte con nosotros los detalles de tu proyecto, env\u00edanos el plano dimensional y, sin costo alguno, elaboraremos un plan de iluminaci\u00f3n a medida junto con un presupuesto detallado. Nos especializamos en proyectos de iluminaci\u00f3n para tiendas y comercios, restaurantes, hosteler\u00eda, hoteles, oficinas y viviendas. Ponte en contacto con nosotros y transforma tus espacios en lugares acogedores y funcionales.<\/strong><\/div>\n<p style=\"text-align: center;\"><a href=\"https:\/\/www.il-lumina.com\/es\/contactenos\" class=\"epcl-shortcode epcl-button large flat yellow\" target=\"_blank\" rel=\"nofollow\"><i class=\"epcl-icon fa fa-toggle-right\"><\/i>SOLICITAR INFORMACI\u00d3N<\/a>\n<p>Adem\u00e1s, somos expertos en \u00e1rboles de navidad para exteriores y conos LED, ofreciendo desde peque\u00f1os \u00e1rboles navide\u00f1os hasta conos y \u00e1rboles gigantes. Haz que estas fiestas brillen con luz propia, elige nuestra iluminaci\u00f3n navide\u00f1a y transforma tu hogar en un espacio m\u00e1gico y acogedor.<\/p>\n<h2>il-lumina.com, tu distribuidor de iluminaci\u00f3n de navidad al por mayor<\/h2>\n<p>En <strong>Il.lumina Cosmo S.L<\/strong>., nos enorgullece ser una de las<strong> tiendas online pioneras en iluminaci\u00f3n en Espa\u00f1a<\/strong>, establecida desde el 2001. Con m\u00e1s de dos d\u00e9cadas de experiencia en la comercializaci\u00f3n online de soluciones de iluminaci\u00f3n, somos expertos en iluminaci\u00f3n t\u00e9cnica, decorativa, l\u00e1mparas de todos tipos, materiales el\u00e9ctricos y decoraci\u00f3n.<\/p>\n<p>Ofrecemos una amplia variedad de estilos de l\u00e1mparas, desde modernas y de dise\u00f1o, hasta vintage y cl\u00e1sicas, as\u00ed como una extensa gama de bombillas, incluyendo las LED a precios muy competitivos, y tambi\u00e9n bombillas de incandescencia, hal\u00f3genas, de bajo consumo, de descarga y l\u00e1mparas especiales (como las de navegaci\u00f3n).<\/p>\n<p>Nuestra colaboraci\u00f3n con m\u00e1s de <strong>30,000 referencias de marcas reconocidas<\/strong> tanto espa\u00f1olas como europeas, que actualizamos de manera constante, nos permite ofrecerte productos de una relaci\u00f3n calidad\/precio excepcional. Si no encuentras lo que necesitas, no dudes en contactarnos v\u00eda telef\u00f3nica (Tel. 965259105) o correo electr\u00f3nico (info@il-lumina.com), y con gusto te proporcionaremos un presupuesto y una soluci\u00f3n a medida.<\/p>\n","protected":false},"excerpt":{"rendered":"<p>La magia de la navidad se siente en el aire cuando las calles se iluminan con decoraciones festivas, y en especial, con las luces de&#8230;<\/p>\n","protected":false},"author":1,"featured_media":922,"parent":0,"menu_order":0,"comment_status":"closed","ping_status":"closed","template":"page-templates\/page-fullwidth.php","meta":{"footnotes":""},"categories":[1],"tags":[],"class_list":["post-888","page","type-page","status-publish","has-post-thumbnail","hentry","category-iluminacion-led"],"acf":[],"_links":{"self":[{"href":"https:\/\/www.il-lumina.com\/blog\/wp-json\/wp\/v2\/pages\/888","targetHints":{"allow":["GET"]}}],"collection":[{"href":"https:\/\/www.il-lumina.com\/blog\/wp-json\/wp\/v2\/pages"}],"about":[{"href":"https:\/\/www.il-lumina.com\/blog\/wp-json\/wp\/v2\/types\/page"}],"author":[{"embeddable":true,"href":"https:\/\/www.il-lumina.com\/blog\/wp-json\/wp\/v2\/users\/1"}],"replies":[{"embeddable":true,"href":"https:\/\/www.il-lumina.com\/blog\/wp-json\/wp\/v2\/comments?post=888"}],"version-history":[{"count":38,"href":"https:\/\/www.il-lumina.com\/blog\/wp-json\/wp\/v2\/pages\/888\/revisions"}],"predecessor-version":[{"id":1129,"href":"https:\/\/www.il-lumina.com\/blog\/wp-json\/wp\/v2\/pages\/888\/revisions\/1129"}],"wp:featuredmedia":[{"embeddable":true,"href":"https:\/\/www.il-lumina.com\/blog\/wp-json\/wp\/v2\/media\/922"}],"wp:attachment":[{"href":"https:\/\/www.il-lumina.com\/blog\/wp-json\/wp\/v2\/media?parent=888"}],"wp:term":[{"taxonomy":"category","embeddable":true,"href":"https:\/\/www.il-lumina.com\/blog\/wp-json\/wp\/v2\/categories?post=888"},{"taxonomy":"post_tag","embeddable":true,"href":"https:\/\/www.il-lumina.com\/blog\/wp-json\/wp\/v2\/tags?post=888"}],"curies":[{"name":"wp","href":"https:\/\/api.w.org\/{rel}","templated":true}]}}